{"version":"1.0","provider_name":"parablau","provider_url":"https:\/\/parablau.com\/galerie","author_name":"kuratorin","author_url":"https:\/\/parablau.com\/galerie\/author\/kuratorin\/","title":"\u00c4NDERBARE ZWISCHENTR\u00c4UME - Thomas Christians mit Stephan H\u00f6rnig - parablau","type":"rich","width":600,"height":338,"html":"<blockquote class=\"wp-embedded-content\" data-secret=\"Uqif78LmPC\"><a href=\"https:\/\/parablau.com\/galerie\/2022\/06\/05\/kunstgluehen-3\/\">\u00c4NDERBARE ZWISCHENTR\u00c4UME &#8211; Thomas Christians mit Stephan H\u00f6rnig<\/a><\/blockquote><iframe sandbox=\"allow-scripts\" security=\"restricted\" src=\"https:\/\/parablau.com\/galerie\/2022\/06\/05\/kunstgluehen-3\/embed\/#?secret=Uqif78LmPC\" width=\"600\" height=\"338\" title=\"&#8222;\u00c4NDERBARE ZWISCHENTR\u00c4UME &#8211; Thomas Christians mit Stephan H\u00f6rnig&#8220; &#8211; parablau\" data-secret=\"Uqif78LmPC\" frameborder=\"0\" marginwidth=\"0\" marginheight=\"0\" scrolling=\"no\" class=\"wp-embedded-content\"><\/iframe><script>\n\/*! This file is auto-generated *\/\n!function(d,l){\"use strict\";l.querySelector&&d.addEventListener&&\"undefined\"!=typeof URL&&(d.wp=d.wp||{},d.wp.receiveEmbedMessage||(d.wp.receiveEmbedMessage=function(e){var t=e.data;if((t||t.secret||t.message||t.value)&&!\/[^a-zA-Z0-9]\/.test(t.secret)){for(var s,r,n,a=l.querySelectorAll('iframe[data-secret=\"'+t.secret+'\"]'),o=l.querySelectorAll('blockquote[data-secret=\"'+t.secret+'\"]'),c=new RegExp(\"^https?:$\",\"i\"),i=0;i<o.length;i++)o[i].style.display=\"none\";for(i=0;i<a.length;i++)s=a[i],e.source===s.contentWindow&&(s.removeAttribute(\"style\"),\"height\"===t.message?(1e3<(r=parseInt(t.value,10))?r=1e3:~~r<200&&(r=200),s.height=r):\"link\"===t.message&&(r=new URL(s.getAttribute(\"src\")),n=new URL(t.value),c.test(n.protocol))&&n.host===r.host&&l.activeElement===s&&(d.top.location.href=t.value))}},d.addEventListener(\"message\",d.wp.receiveEmbedMessage,!1),l.addEventListener(\"DOMContentLoaded\",function(){for(var e,t,s=l.querySelectorAll(\"iframe.wp-embedded-content\"),r=0;r<s.length;r++)(t=(e=s[r]).getAttribute(\"data-secret\"))||(t=Math.random().toString(36).substring(2,12),e.src+=\"#?secret=\"+t,e.setAttribute(\"data-secret\",t)),e.contentWindow.postMessage({message:\"ready\",secret:t},\"*\")},!1)))}(window,document);\n\/\/# sourceURL=https:\/\/parablau.com\/galerie\/wp-includes\/js\/wp-embed.min.js\n<\/script>\n","thumbnail_url":"https:\/\/parablau.com\/galerie\/wp-content\/uploads\/2023\/12\/Breathe.jpg","thumbnail_width":1000,"thumbnail_height":750,"description":"JUNI 2022 Herzliche Einladung zur Er\u00f6ffnung der Sommerausstellung:&#8220; \u00c4nderbare Zwischentr\u00e4ume&#8220; von Thomas Christians ( Foto, Arbeiten auf Papier +++, Objekt, Installation) sowie special guest Stephan H\u00f6rnig! Zur Er\u00f6ffnung am 10.06.2022 , um 20 Uhr spricht der Dresdner K\u00fcnstler Oskar Staudinger. Breathe, 2009\/2022, 180x120cm"}